{"id":1869,"date":"2015-05-09T14:00:01","date_gmt":"2015-05-09T13:00:01","guid":{"rendered":"https:\/\/2021.automnemusicalduvesinet.fr\/?page_id=1869"},"modified":"2022-02-22T14:23:45","modified_gmt":"2022-02-22T13:23:45","slug":"les-associations","status":"publish","type":"page","link":"http:\/\/2021.automnemusicalduvesinet.fr\/?page_id=1869","title":{"rendered":"Les Associations"},"content":{"rendered":"<p>&nbsp;<\/p>\n<h2>L&#8217;Esprit Musical du V\u00e9sinet<\/h2>\n<p><strong>L\u2019Esprit Musical<\/strong> est une association qui a vu le jour en 2011 dans l\u2019objectif de d\u00e9velopper des activit\u00e9s musicales et culturelles en liaison avec le patrimoine historique de la Ville du V\u00e9sinet.<\/p>\n<p>Son but est le d\u00e9veloppement de la musique au V\u00e9sinet et dans la r\u00e9gion \u00cele-de-France. Son champ d\u2019action est d\u00e9fini sans exclusive de style ni d\u2019\u00e9poque et il est ouvert \u00e0 d\u2019autres formes d\u2019expression artistique. Elle a pour objet de rapprocher le public, dans toute sa diversit\u00e9 sociale ou g\u00e9ographique, des acteurs de la sc\u00e8ne culturelle (musicale, th\u00e9\u00e2trale, chor\u00e9graphique ou cin\u00e9matographique) tant nationale qu\u2019internationale en organisant des rencontres sous des formes diverses (concerts, conf\u00e9rences et autres), anim\u00e9es par des personnalit\u00e9s reconnues et fond\u00e9es sur l\u2019\u00e9change et la proximit\u00e9.<\/p>\n<p>L\u2019association a aussi pour vocation de mener des actions p\u00e9dagogiques (comme des Master Class) ou de recherche et d\u2019aider les \u00e9tudiants des conservatoires en d\u00e9veloppant des bourses, prix et autres incitations \u00e0 destination des jeunes telles que des concerts \u00ab jeunes talents \u00bb. Elle pourra mener toute autre activit\u00e9 de nature \u00e0 servir l\u2019objet de l\u2019association.<\/p>\n<p>En 2015, L\u2019Esprit Musical et la Ville du V\u00e9sinet ont cr\u00e9\u00e9 le festival de l\u2019Automne Musical qui a lieu tous les ans et qui a vu se succ\u00e9der de nombreux artistes de renomm\u00e9e internationale parmi lesquels Bernard Soustrot, Marielle Nordmann, Anne Queff\u00e9lec, ou encore Fran\u00e7ois-Ren\u00e9 Duchable.<\/p>\n<p>L\u2019\u00c9glise Sainte-Marguerite du V\u00e9sinet, class\u00e9e monument historique en 2016 est tout naturellement l\u2019\u00e9crin privil\u00e9gi\u00e9 des concerts donn\u00e9s durant le Festival d\u2019Automne, mais l\u2019H\u00f4pital du V\u00e9sinet ainsi que l\u2019\u00c9glise Protestante Unie (Temple du V\u00e9sinet) vont prendre au fil des ans toute leur place dans la mise en valeur du patrimoine historique de la ville.<\/p>\n<p><strong>Contact<\/strong>:\u00a0<a href=\"mailto:lespritmusical@gmail.com\">lespritmusical@gmail.com<\/a><\/p>\n<p>&nbsp;<\/p>\n<p>&nbsp;<\/p>\n<p>&nbsp;<\/p>\n","protected":false},"excerpt":{"rendered":"<p>&nbsp; L&#8217;Esprit Musical du V\u00e9sinet L\u2019Esprit Musical est une association qui a vu le jour en 2011 dans l\u2019objectif de d\u00e9velopper des activit\u00e9s musicales et culturelles en liaison avec le patrimoine historique de la Ville du V\u00e9sinet. Son but est le d\u00e9veloppement de la musique au V\u00e9sinet et dans la r\u00e9gion \u00cele-de-France. Son champ d\u2019action est d\u00e9fini sans exclusive de style ni d\u2019\u00e9poque et il est ouvert \u00e0 d\u2019autres formes d\u2019expression artistique. Elle a pour <a href=\"http:\/\/2021.automnemusicalduvesinet.fr\/?page_id=1869\"> <\/a><\/p>\n","protected":false},"author":1,"featured_media":0,"parent":0,"menu_order":2,"comment_status":"closed","ping_status":"closed","template":"","meta":[],"_links":{"self":[{"href":"http:\/\/2021.automnemusicalduvesinet.fr\/index.php?rest_route=\/wp\/v2\/pages\/1869"}],"collection":[{"href":"http:\/\/2021.automnemusicalduvesinet.fr\/index.php?rest_route=\/wp\/v2\/pages"}],"about":[{"href":"http:\/\/2021.automnemusicalduvesinet.fr\/index.php?rest_route=\/wp\/v2\/types\/page"}],"author":[{"embeddable":true,"href":"http:\/\/2021.automnemusicalduvesinet.fr\/index.php?rest_route=\/wp\/v2\/users\/1"}],"replies":[{"embeddable":true,"href":"http:\/\/2021.automnemusicalduvesinet.fr\/index.php?rest_route=%2Fwp%2Fv2%2Fcomments&post=1869"}],"version-history":[{"count":7,"href":"http:\/\/2021.automnemusicalduvesinet.fr\/index.php?rest_route=\/wp\/v2\/pages\/1869\/revisions"}],"predecessor-version":[{"id":2048,"href":"http:\/\/2021.automnemusicalduvesinet.fr\/index.php?rest_route=\/wp\/v2\/pages\/1869\/revisions\/2048"}],"wp:attachment":[{"href":"http:\/\/2021.automnemusicalduvesinet.fr\/index.php?rest_route=%2Fwp%2Fv2%2Fmedia&parent=1869"}],"curies":[{"name":"wp","href":"https:\/\/api.w.org\/{rel}","templated":true}]}}