{"id":451,"date":"2015-07-06T09:02:37","date_gmt":"2015-07-06T08:02:37","guid":{"rendered":"https:\/\/2021.automnemusicalduvesinet.fr\/?page_id=451"},"modified":"2021-07-27T13:14:52","modified_gmt":"2021-07-27T12:14:52","slug":"lieux","status":"publish","type":"page","link":"http:\/\/2021.automnemusicalduvesinet.fr\/?page_id=451","title":{"rendered":"Lieux"},"content":{"rendered":"<h1>Temple du V\u00e9sinet (\u00c9glise Protestante Unie)<\/h1>\n<p><span style=\"font-size: 16px;\"><a href=\"https:\/\/2021.automnemusicalduvesinet.fr\/wp-content\/uploads\/2020\/08\/temple.jpg\"><img loading=\"lazy\" class=\"size-medium wp-image-1468 alignleft\" src=\"https:\/\/2021.automnemusicalduvesinet.fr\/wp-content\/uploads\/2020\/08\/temple-300x166.jpg\" alt=\"\" width=\"300\" height=\"166\" srcset=\"http:\/\/2021.automnemusicalduvesinet.fr\/wp-content\/uploads\/2020\/08\/temple-300x166.jpg 300w, http:\/\/2021.automnemusicalduvesinet.fr\/wp-content\/uploads\/2020\/08\/temple.jpg 510w\" sizes=\"(max-width: 300px) 100vw, 300px\" \/><\/a>Le temple protestant sis 1, route du Grand-Pont a \u00e9t\u00e9 construit en 1880, gr\u00e2ce aux dons recueillis par les protestants des communes de Chatou, Croissy, Le Pecq et Le V\u00e9sinet compl\u00e9t\u00e9s par un concert donn\u00e9 \u00e0 Paris par Camille Saint-Sa\u00ebns, un familier du V\u00e9sinet. Il est l&#8217;\u0153uvre de l&#8217;architecte Eug\u00e8ne Rouyer et du sculpteur M. Boudin. Il a \u00e9t\u00e9 plusieurs fois agrandi.<\/span><\/p>\n<p><span style=\"font-size: 16px;\">L&#8217;inauguration eut lieu en juin 1880 sous la pr\u00e9sidence du pasteur Dhombres et du pasteur de Saint Germain en Laye, M. Peyrat.<\/span><\/p>\n<p><span style=\"font-size: 16px;\">Des acquisitions de terrain et diverses constructions annexes ont aussi jalonn\u00e9 l&#8217;histoire de la communaut\u00e9 protestante.<\/span><\/p>\n<p><span style=\"font-size: 16px;\"><strong>1912<\/strong> : Achat de l&#8217;orgue (Cavaill\u00e9-Coll).<\/span><\/p>\n<p><span style=\"font-size: 16px;\"><strong>1924\u00a0<\/strong>:\u00a0 Acquisition du presbyt\u00e8re et premier agrandissement par allongement du b\u00e2timent prolong\u00e9 par une vaste sacristie (M. Letr\u00f4ne, architecte).<\/span><\/p>\n<p><span style=\"font-size: 16px;\"><strong>1930<\/strong> : Construction du foyer paroissial et consolidation du clocher.<\/span><\/p>\n<p><span style=\"font-size: 16px;\"><strong>1967\u00a0<\/strong>: D\u00e9placement du fond, annexion de l&#8217;ancienne sacristie et adjonction de deux ailes. Ces travaux ont entrain\u00e9 le d\u00e9montage de l&#8217;orgue et son installation provisoire dans la salle annexe. Le volume de l&#8217;\u00e9difice ayant plus que doubl\u00e9, il devint indispensable de lui donner une envergure nouvelle, le 29 avril 1980, \u00e0 l&#8217;occasion du centenaire du Temple eut lieu l&#8217;inauguration de l&#8217;instrument qui, agrandi, restaur\u00e9 et reharmonis\u00e9, reprit sa place \u00e0 la tribune.<\/span><\/p>\n<p><span style=\"font-size: 16px;\">Cet \u00e9difice sobre, de style gothique, gros \u0153uvre en pierre de taille calcaire et solins en meuli\u00e8re, est caract\u00e9ris\u00e9, \u00e0 l&#8217;ext\u00e9rieur, par la bible sculpt\u00e9e sur le ch\u00e2ssis de tympan de la porte d&#8217;entr\u00e9e.<\/span><\/p>\n<p><span style=\"font-size: 16px;\">L&#8217;int\u00e9rieur est sobre et d\u00e9pouill\u00e9 comme la plupart des temples. Assez rare cependant dans un lieu de culte protestant, est la pr\u00e9sence de vitraux &#8220;figur\u00e9s&#8221;. Ils datent de 1912, lors des premiers travaux d&#8217;agrandissement. Ils repr\u00e9sentent des personnages bibliques : Mo\u00efse, Elie le Christ, Pierre, Paul et les quatre \u00e9vang\u00e9listes Luc, Mathieu, Marc et Jean. Ils ont \u00e9t\u00e9 restaur\u00e9s en 1995.<\/span><\/p>\n<p><span style=\"font-size: 16px;\">Quatre vitraux modernes ont \u00e9t\u00e9 ajout\u00e9s en 2002. Ils ont \u00e9t\u00e9 cr\u00e9\u00e9s par les \u00e9l\u00e8ves de l&#8217;\u00e9cole nationale sup\u00e9rieure des arts appliqu\u00e9s et des m\u00e9tiers d&#8217;art (ENSAAMA).<\/span><\/p>\n<p><span style=\"font-size: 16px;\">Enfin, un panneau de bois sculpt\u00e9 et grav\u00e9 signale, \u00e0 l&#8217;entr\u00e9e du b\u00e2timent, les soldats morts pour la France en 1914-1918, appartenant \u00e0 la paroisse protestante.\u00a0 (<em>source : Soci\u00e9t\u00e9 d&#8217;Histoire du V\u00e9sinet<\/em>).<\/span><\/p>\n<p>&nbsp;<\/p>\n<hr \/>\n<h1>L\u2019H\u00f4pital du V\u00e9sinet<\/h1>\n<div id=\"attachment_1451\" style=\"width: 310px\" class=\"wp-caption alignright\"><a href=\"https:\/\/2021.automnemusicalduvesinet.fr\/wp-content\/uploads\/2020\/08\/hopital.jpg\"><img aria-describedby=\"caption-attachment-1451\" loading=\"lazy\" class=\"wp-image-1451 size-medium\" src=\"https:\/\/2021.automnemusicalduvesinet.fr\/wp-content\/uploads\/2020\/08\/hopital-300x210.jpg\" alt=\"\" width=\"300\" height=\"210\" srcset=\"http:\/\/2021.automnemusicalduvesinet.fr\/wp-content\/uploads\/2020\/08\/hopital-300x210.jpg 300w, http:\/\/2021.automnemusicalduvesinet.fr\/wp-content\/uploads\/2020\/08\/hopital.jpg 600w\" sizes=\"(max-width: 300px) 100vw, 300px\" \/><\/a><p id=\"caption-attachment-1451\" class=\"wp-caption-text\"><em>Inauguration en 1859<\/em><\/p><\/div>\n<div id=\"attachment_1454\" style=\"width: 310px\" class=\"wp-caption alignleft\"><a href=\"https:\/\/2021.automnemusicalduvesinet.fr\/wp-content\/uploads\/2020\/08\/hop2.jpg\"><img aria-describedby=\"caption-attachment-1454\" loading=\"lazy\" class=\"wp-image-1454 size-medium\" src=\"https:\/\/2021.automnemusicalduvesinet.fr\/wp-content\/uploads\/2020\/08\/hop2-300x192.jpg\" alt=\"\" width=\"300\" height=\"192\" srcset=\"http:\/\/2021.automnemusicalduvesinet.fr\/wp-content\/uploads\/2020\/08\/hop2-300x192.jpg 300w, http:\/\/2021.automnemusicalduvesinet.fr\/wp-content\/uploads\/2020\/08\/hop2.jpg 600w\" sizes=\"(max-width: 300px) 100vw, 300px\" \/><\/a><p id=\"caption-attachment-1454\" class=\"wp-caption-text\"><em>Le r\u00e9fectoire en 1900<\/em><\/p><\/div>\n<p><span style=\"font-size: 16px;\">L&#8217;asile du V\u00e9sinet, situ\u00e9 vers l&#8217;extr\u00e9mit\u00e9 sud-ouest du bois du V\u00e9sinet, \u00e0 1 kilom\u00e8tre du chemin de fer de Paris \u00e0 Saint-Germain, a \u00e9t\u00e9 institu\u00e9, en ex\u00e9cution des d\u00e9crets du 5 mars 1855 et du 11 ao\u00fbt 1859, pour recevoir les ouvri\u00e8res convalescentes.<br \/>\nL&#8217;asile \u00ab imp\u00e9rial\u00a0\u00bb du V\u00e9sinet avait \u00e9t\u00e9 primitivement destin\u00e9 aux ouvriers bless\u00e9s dans le cours de leurs travaux\u00a0; mais en pr\u00e9sence des heureux r\u00e9sultats obtenus dans l&#8217;asile de Vincennes, r\u00e9serv\u00e9 aux hommes, on reconnut bient\u00f4t la n\u00e9cessit\u00e9 et la justice d&#8217;accorder de semblables avantages aux convalescentes sortant des h\u00f4pitaux\u00a0; tel fut l&#8217;objet du d\u00e9cret du 28 ao\u00fbt 1858, qui affecta l&#8217;asile du V\u00e9sinet \u00e0 sa destination actuelle [1876].<br \/>\nInaugur\u00e9 le 29 septembre 1859, l&#8217;asile du V\u00e9sinet se compose d&#8217;un vaste b\u00e2timent central, reliant deux ailes, en retour d&#8217;\u00e9querre, qui embrassent la cour d&#8217;honneur et dont les diff\u00e9rentes parties sont mises en communication par des galeries couvertes.<\/span><\/p>\n<p>Il est inscrit \u00e0 l&#8217;Inventaire Suppl\u00e9mentaire des Monuments Historiques depuis 1997.<\/p>\n<hr \/>\n<h1>\u00c9glise Sainte Marguerite<\/h1>\n<p><a href=\"https:\/\/2021.automnemusicalduvesinet.fr\/wp-content\/uploads\/2015\/07\/Eglise2.jpg\"><img loading=\"lazy\" class=\"alignleft wp-image-453 size-medium\" src=\"https:\/\/2021.automnemusicalduvesinet.fr\/wp-content\/uploads\/2015\/07\/Eglise2-209x300.jpg\" alt=\"Eglise2\" width=\"209\" height=\"300\" srcset=\"http:\/\/2021.automnemusicalduvesinet.fr\/wp-content\/uploads\/2015\/07\/Eglise2-209x300.jpg 209w, http:\/\/2021.automnemusicalduvesinet.fr\/wp-content\/uploads\/2015\/07\/Eglise2.jpg 331w\" sizes=\"(max-width: 209px) 100vw, 209px\" \/><\/a><span style=\"font-size: 16px;\">L\u2019\u00c9glise a \u00e9t\u00e9 construite entre 1862 et 1865, dans le style n\u00e9ogothique mais en employant des <strong>mat\u00e9riaux<\/strong>\u00a0 <strong>r\u00e9volutionnaires<\/strong> pour l\u2019\u00e9poque; en effet elle est le premier\u00a0 t\u00e9moignage d\u2019une construction en <strong>b\u00e9ton banch\u00e9 <\/strong>sur une ossature m\u00e9tallique r\u00e9alis\u00e9e par l\u2019architecte\u00a0 <strong>Auguste Boileau\u00a0 <\/strong>et l\u2019entrepreneur <strong>Fran\u00e7ois\u00a0 Coignet. <\/strong><\/span><\/p>\n<p><span style=\"font-size: 16px;\">L\u2019architecte, Louis-Auguste Boileau, se voit imposer l\u2019emploi du b\u00e9ton par Alphonse Pallu,\u00a0 promoteur moderniste de la Ville Parc du V\u00e9sinet\u00a0 et donne \u00e0 ses fa\u00e7ades l\u2019aspect noble de la pierre en imitant les joints de la ma\u00e7onnerie gr\u00e2ce \u00e0 des baguettes clou\u00e9es sur les coffrages. Cette innovation a donn\u00e9 lieu \u00e0 de nombreux commentaires dans la presse :<\/span><\/p>\n<p><em><a href=\"https:\/\/2021.automnemusicalduvesinet.fr\/wp-content\/uploads\/2015\/07\/Eglise1.jpg\"><img loading=\"lazy\" class=\"alignright wp-image-452 size-medium\" src=\"https:\/\/2021.automnemusicalduvesinet.fr\/wp-content\/uploads\/2015\/07\/Eglise1-242x300.jpg\" alt=\"Eglise1\" width=\"242\" height=\"300\" srcset=\"http:\/\/2021.automnemusicalduvesinet.fr\/wp-content\/uploads\/2015\/07\/Eglise1-242x300.jpg 242w, http:\/\/2021.automnemusicalduvesinet.fr\/wp-content\/uploads\/2015\/07\/Eglise1.jpg 512w\" sizes=\"(max-width: 242px) 100vw, 242px\" \/><\/a>\u00ab\u00a0Tout le monde a entendu parler de la construction de l&#8217;\u00e9glise du V\u00e9sinet, par le syst\u00e8me Coignet. Cet \u00e9l\u00e9gant \u00e9difice, admirable monolithe obtenu par le b\u00e9ton agglom\u00e9r\u00e9, a un aspect aussi gracieux que les constructions en pierre de taille.<br \/>\nLe b\u00e9ton agglom\u00e9r\u00e9 qui a \u00e9t\u00e9 employ\u00e9 avec tant de succ\u00e8s aux ma\u00e7onneries monolithiques est appliqu\u00e9 aussi \u00e0 la confection de la pierre de taille artificielle. Et, pour le grain, la couleur, la vivacit\u00e9 des ar\u00eates, cette pierre-b\u00e9ton ne laisse rien \u00e0 d\u00e9sirer. Elle se pr\u00eate \u00e0 toute esp\u00e8ce d&#8217;ornementation, et co\u00fbte moins cher que la pierre naturelle. On ne saurait trop vivement applaudir au r\u00e9sultat obtenu par M. Coignet, et faire des v\u0153ux\u00a0pour que son syst\u00e8me se propage<\/em>.\u00a0\u00bb <strong><em>Journal Illustr\u00e9 de l\u2019exposition toulousaine n\u00b027 du 18 mars 1866<\/em><\/strong><\/p>\n<p><a href=\"https:\/\/2021.automnemusicalduvesinet.fr\/wp-content\/uploads\/2015\/07\/MDenis.jpg\"><img loading=\"lazy\" class=\"alignleft wp-image-454 size-full\" src=\"https:\/\/2021.automnemusicalduvesinet.fr\/wp-content\/uploads\/2015\/07\/MDenis.jpg\" alt=\"MDenis\" width=\"229\" height=\"220\" \/><\/a><\/p>\n<h3><a href=\"https:\/\/2021.automnemusicalduvesinet.fr\/maurice-denis\/\">Maurice Denis<\/a> (1870-1943)<\/h3>\n<p>Les chapelles et le d\u00e9ambulatoire ajout\u00e9s entre 1901 et 1903, sont orn\u00e9es des vitraux et peintures murales de Maurice Denis.<\/p>\n<p>L\u2019originalit\u00e9 de sa structure et de ses mat\u00e9riaux et l\u2019\u0153uvre religieuse exceptionnelle de Maurice Denis en font un monument unique.<br \/>\nDe ce fait, en <strong>1978<\/strong>, l\u2019\u00e9glise est inscrite \u00e0 <em>l\u2019 Inventaire Suppl\u00e9mentaire des Monuments<\/em> <em>Historiques<\/em>, et elle est <strong>class\u00e9e monument historique<\/strong> depuis le 29 avril 2016.<\/p>\n<p>Maurice Denis, peintre embl\u00e9matique de la p\u00e9riode nabis se passionne tr\u00e8s jeune pour la musique.\u00a0 Ami intime des plus grand compositeurs de l\u2019\u00e9poque, <strong>Vincent d\u2019Indy, Claude Debussy et Ernest Chausson <\/strong>repr\u00e9sent\u00e9 dans l\u2019\u00e9glise en Saint Barth\u00e9lemy<strong>.<\/strong><\/p>\n<p>Il fait sienne la devise de Paul Verlaine :\u00a0<strong>\u00ab de la musique avant toute chose !\u00a0 de la musique encore et toujours \u00bb.<\/strong><\/p>\n<p>&nbsp;<\/p>\n","protected":false},"excerpt":{"rendered":"<p>Temple du V\u00e9sinet (\u00c9glise Protestante Unie) Le temple protestant sis 1, route du Grand-Pont a \u00e9t\u00e9 construit en 1880, gr\u00e2ce aux dons recueillis par les protestants des communes de Chatou, Croissy, Le Pecq et Le V\u00e9sinet compl\u00e9t\u00e9s par un concert donn\u00e9 \u00e0 Paris par Camille Saint-Sa\u00ebns, un familier du V\u00e9sinet. Il est l&#8217;\u0153uvre de l&#8217;architecte Eug\u00e8ne Rouyer et du sculpteur M. Boudin. Il a \u00e9t\u00e9 plusieurs fois agrandi. L&#8217;inauguration eut lieu en juin 1880 sous <a href=\"http:\/\/2021.automnemusicalduvesinet.fr\/?page_id=451\"> <\/a><\/p>\n","protected":false},"author":1,"featured_media":0,"parent":0,"menu_order":1,"comment_status":"closed","ping_status":"closed","template":"","meta":[],"_links":{"self":[{"href":"http:\/\/2021.automnemusicalduvesinet.fr\/index.php?rest_route=\/wp\/v2\/pages\/451"}],"collection":[{"href":"http:\/\/2021.automnemusicalduvesinet.fr\/index.php?rest_route=\/wp\/v2\/pages"}],"about":[{"href":"http:\/\/2021.automnemusicalduvesinet.fr\/index.php?rest_route=\/wp\/v2\/types\/page"}],"author":[{"embeddable":true,"href":"http:\/\/2021.automnemusicalduvesinet.fr\/index.php?rest_route=\/wp\/v2\/users\/1"}],"replies":[{"embeddable":true,"href":"http:\/\/2021.automnemusicalduvesinet.fr\/index.php?rest_route=%2Fwp%2Fv2%2Fcomments&post=451"}],"version-history":[{"count":33,"href":"http:\/\/2021.automnemusicalduvesinet.fr\/index.php?rest_route=\/wp\/v2\/pages\/451\/revisions"}],"predecessor-version":[{"id":2050,"href":"http:\/\/2021.automnemusicalduvesinet.fr\/index.php?rest_route=\/wp\/v2\/pages\/451\/revisions\/2050"}],"wp:attachment":[{"href":"http:\/\/2021.automnemusicalduvesinet.fr\/index.php?rest_route=%2Fwp%2Fv2%2Fmedia&parent=451"}],"curies":[{"name":"wp","href":"https:\/\/api.w.org\/{rel}","templated":true}]}}